{"id":16250,"date":"2023-04-23T22:10:12","date_gmt":"2023-04-23T20:10:12","guid":{"rendered":"https:\/\/overbeck-museum.de\/simple-language\/"},"modified":"2023-12-29T11:57:38","modified_gmt":"2023-12-29T10:57:38","slug":"simple-language","status":"publish","type":"page","link":"https:\/\/overbeck-museum.de\/en\/simple-language\/","title":{"rendered":"Simple language"},"content":{"rendered":"<p>[et_pb_section fb_built=&#8221;1&#8243; fullwidth=&#8221;on&#8221; custom_padding_last_edited=&#8221;on|desktop&#8221; background_video_pause_outside_viewport_1=&#8221;on&#8221; background_video_pause_outside_viewport_2=&#8221;on&#8221; admin_label=&#8221;Global Header Sektion Header&#8221; _builder_version=&#8221;4.16&#8243; height=&#8221;100%&#8221; height_tablet=&#8221;100%&#8221; height_phone=&#8221;100%&#8221; height_last_edited=&#8221;on|desktop&#8221; max_height_tablet=&#8221;&#8221; max_height_phone=&#8221;&#8221; max_height_last_edited=&#8221;on|phone&#8221; custom_margin=&#8221;||||false|false&#8221; custom_margin_tablet=&#8221;0px||0px||false|false&#8221; custom_margin_phone=&#8221;0px||0px||false|false&#8221; custom_margin_last_edited=&#8221;on|phone&#8221; custom_padding=&#8221;||0px||false|false&#8221; custom_padding_tablet=&#8221;||0px||false|false&#8221; custom_padding_phone=&#8221;||0px||false|false&#8221; global_module=&#8221;8491&#8243; saved_tabs=&#8221;all&#8221; locked=&#8221;on&#8221; collapsed=&#8221;off&#8221; global_colors_info=&#8221;{}&#8221;][et_pb_fullwidth_image src=&#8221;https:\/\/overbeck-museum.de\/wp-content\/uploads\/2019\/09\/Overbeck-Museum-Headerbild-1.jpg&#8221; alt=&#8221;Titelbild Overbeck-Museum&#8221; title_text=&#8221;Overbeck-Museum&#8221; _builder_version=&#8221;4.16&#8243; width=&#8221;100%&#8221; width_tablet=&#8221;100%&#8221; width_phone=&#8221;100%&#8221; width_last_edited=&#8221;on|desktop&#8221; height=&#8221;100%&#8221; height_tablet=&#8221;100%&#8221; height_phone=&#8221;100%&#8221; height_last_edited=&#8221;on|phone&#8221; custom_margin_tablet=&#8221;&#8221; custom_margin_phone=&#8221;&#8221; custom_margin_last_edited=&#8221;on|desktop&#8221; custom_padding_tablet=&#8221;&#8221; custom_padding_phone=&#8221;&#8221; custom_padding_last_edited=&#8221;on|tablet&#8221; global_colors_info=&#8221;{}&#8221;][\/et_pb_fullwidth_image][\/et_pb_section][et_pb_section fb_built=&#8221;1&#8243; fullwidth=&#8221;on&#8221; custom_padding_last_edited=&#8221;off|desktop&#8221; admin_label=&#8221;Global Sektion Hauptmenue&#8221; _builder_version=&#8221;4.16&#8243; background_color=&#8221;#262626&#8243; height=&#8221;50px&#8221; max_height=&#8221;50px&#8221; max_height_tablet=&#8221;50px&#8221; max_height_phone=&#8221;50px&#8221; global_module=&#8221;10386&#8243; saved_tabs=&#8221;all&#8221; locked=&#8221;on&#8221; collapsed=&#8221;off&#8221; global_colors_info=&#8221;{}&#8221;][et_pb_fullwidth_menu fullwidth_menu=&#8221;on&#8221; admin_label=&#8221;Vollbreites Menu&#8221; _builder_version=&#8221;4.16&#8243; menu_font=&#8221;Open Sans|||on|||||&#8221; menu_text_color=&#8221;#ffffff&#8221; text_orientation=&#8221;center&#8221; custom_padding_tablet=&#8221;&#8221; custom_padding_phone=&#8221;&#8221; custom_padding_last_edited=&#8221;on|desktop&#8221; menu_text_color_tablet=&#8221;#ffffff&#8221; menu_text_color_phone=&#8221;#ffffff&#8221; menu_text_color_last_edited=&#8221;on|desktop&#8221; menu_font_size_tablet=&#8221;14px&#8221; menu_font_size_phone=&#8221;&#8221; menu_font_size_last_edited=&#8221;on|desktop&#8221; custom_css_main_element=&#8221;color:white!important;&#8221; global_colors_info=&#8221;{}&#8221;][\/et_pb_fullwidth_menu][\/et_pb_section][et_pb_section fb_built=&#8221;1&#8243; _builder_version=&#8221;4.16&#8243; global_colors_info=&#8221;{}&#8221;][et_pb_row module_class=&#8221;Museum&#8221; _builder_version=&#8221;4.16&#8243; global_colors_info=&#8221;{}&#8221;][et_pb_column type=&#8221;4_4&#8243; _builder_version=&#8221;4.16&#8243; global_colors_info=&#8221;{}&#8221;][et_pb_text admin_label=&#8221;\u00dcS Das Overbeck-Museum&#8221; _builder_version=&#8221;4.16&#8243; global_colors_info=&#8221;{}&#8221;]<\/p>\n<h1><strong>Das Overbeck-Museum<\/strong><\/h1>\n<p>[\/et_pb_text][et_pb_text _builder_version=&#8221;4.16&#8243; header_2_text_align=&#8221;center&#8221; global_colors_info=&#8221;{}&#8221;]<\/p>\n<h2>Leichte Sprache<\/h2>\n<p>[\/et_pb_text][\/et_pb_column][\/et_pb_row][et_pb_row _builder_version=&#8221;4.16&#8243; custom_padding=&#8221;||0px|||&#8221; saved_tabs=&#8221;all&#8221; locked=&#8221;off&#8221; global_colors_info=&#8221;{}&#8221;][et_pb_column type=&#8221;4_4&#8243; _builder_version=&#8221;4.16&#8243; global_colors_info=&#8221;{}&#8221;][et_pb_divider _builder_version=&#8221;4.16&#8243; width=&#8221;85%&#8221; module_alignment=&#8221;center&#8221; global_colors_info=&#8221;{}&#8221;][\/et_pb_divider][\/et_pb_column][\/et_pb_row][et_pb_row column_structure=&#8221;3_5,2_5&#8243; _builder_version=&#8221;4.16&#8243; global_colors_info=&#8221;{}&#8221;][et_pb_column type=&#8221;3_5&#8243; _builder_version=&#8221;4.16&#8243; global_colors_info=&#8221;{}&#8221;][et_pb_text admin_label=&#8221;Text Das Overbeck-Museum&#8221; _builder_version=&#8221;4.16&#8243; global_colors_info=&#8221;{}&#8221;]<\/p>\n<p><strong>Das Museum<\/strong><\/p>\n<p>Das Overbeck-Museum gibt es seit vielen Jahren in Vegesack.<br \/> Dort k\u00f6nnen Sie die Bilder von Fritz und Hermine Overbeck sehen.<\/p>\n<p>Oft k\u00f6nnen Sie dort auch Bilder von anderen K\u00fcnstlern sehen.<br \/> Zum Beispiel Bilder von anderen Malern und Malerinnen aus Worpswede.<\/p>\n<p>Manchmal zeigt das Overbeck-Museum auch Bilder von Malern und Malerinnen, die heute noch leben. So sieht man im Overbeck-Museum ganz verschiedene Kunst.<\/p>\n<p>[\/et_pb_text][\/et_pb_column][et_pb_column type=&#8221;2_5&#8243; _builder_version=&#8221;4.16&#8243; global_colors_info=&#8221;{}&#8221;][et_pb_image src=&#8221;https:\/\/overbeck-museum.de\/wp-content\/uploads\/2019\/09\/OM_Au\u00dfenansicht_2017_500x.jpg&#8221; _builder_version=&#8221;4.16&#8243; global_colors_info=&#8221;{}&#8221;][\/et_pb_image][\/et_pb_column][\/et_pb_row][et_pb_row column_structure=&#8221;2_5,3_5&#8243; disabled_on=&#8221;on|on|off&#8221; _builder_version=&#8221;4.16&#8243; global_colors_info=&#8221;{}&#8221;][et_pb_column type=&#8221;2_5&#8243; _builder_version=&#8221;4.16&#8243; global_colors_info=&#8221;{}&#8221;][et_pb_image src=&#8221;https:\/\/overbeck-museum.de\/wp-content\/uploads\/2019\/10\/Ausstellungssaal_500.jpg&#8221; _builder_version=&#8221;4.16&#8243; global_colors_info=&#8221;{}&#8221;][\/et_pb_image][\/et_pb_column][et_pb_column type=&#8221;3_5&#8243; _builder_version=&#8221;4.16&#8243; global_colors_info=&#8221;{}&#8221;][et_pb_text admin_label=&#8221;Text Das Overbeck-Museum&#8221; _builder_version=&#8221;4.16&#8243; custom_padding=&#8221;6px|||||&#8221; global_colors_info=&#8221;{}&#8221;]<\/p>\n<p><strong>Das gibt es im Overbeck-Museum auch:<\/strong><\/p>\n<p>&nbsp;<\/p>\n<ul>\n<li><strong>F\u00fchrungen<\/strong><br \/>wir erkl\u00e4ren die Bilder von Fritz und Hermine Overbeck<\/li>\n<li><strong>Kunstreisen<\/strong><br \/>wir fahren in andere Museen und sehen uns dort die Bilder an<\/li>\n<li><strong>Vortr\u00e4ge und Lesungen<\/strong><br \/>wir erz\u00e4hlen \u00fcber Kunst und \u00fcber die Maler<\/li>\n<li><strong>Angebote f\u00fcr Kinder<\/strong><br \/>Kinder k\u00f6nnen sich die Bilder ansehen und selbst Bilder malen<\/li>\n<\/ul>\n<p>[\/et_pb_text][\/et_pb_column][\/et_pb_row][et_pb_row column_structure=&#8221;2_5,3_5&#8243; disabled_on=&#8221;off|off|on&#8221; _builder_version=&#8221;4.16&#8243; global_colors_info=&#8221;{}&#8221;][et_pb_column type=&#8221;2_5&#8243; _builder_version=&#8221;4.16&#8243; global_colors_info=&#8221;{}&#8221;][et_pb_text admin_label=&#8221;Text Das Overbeck-Museum&#8221; _builder_version=&#8221;4.16&#8243; custom_padding=&#8221;6px|||||&#8221; global_colors_info=&#8221;{}&#8221;]<\/p>\n<p><strong>Das gibt es im Overbeck-Museum auch:<\/strong><\/p>\n<p>&nbsp;<\/p>\n<ul>\n<li><strong>F\u00fchrungen<\/strong><br \/>wir erkl\u00e4ren die Bilder von Fritz und Hermine Overbeck<\/li>\n<li><strong>Kunstreisen<\/strong><br \/>wir fahren in andere Museen und sehen uns dort die Bilder an<\/li>\n<li><strong>Vortr\u00e4ge und Lesungen<\/strong><br \/>wir erz\u00e4hlen \u00fcber Kunst und \u00fcber die Maler<\/li>\n<li><strong>Angebote f\u00fcr Kinder<\/strong><br \/>Kinder k\u00f6nnen sich die Bilder ansehen und selbst Bilder malen<\/li>\n<\/ul>\n<p>[\/et_pb_text][\/et_pb_column][et_pb_column type=&#8221;3_5&#8243; _builder_version=&#8221;4.16&#8243; global_colors_info=&#8221;{}&#8221;][et_pb_image src=&#8221;https:\/\/overbeck-museum.de\/wp-content\/uploads\/2019\/10\/Ausstellungssaal_500.jpg&#8221; _builder_version=&#8221;4.16&#8243; global_colors_info=&#8221;{}&#8221;][\/et_pb_image][\/et_pb_column][\/et_pb_row][et_pb_row _builder_version=&#8221;4.16&#8243; custom_padding=&#8221;||0px|||&#8221; saved_tabs=&#8221;all&#8221; locked=&#8221;off&#8221; global_colors_info=&#8221;{}&#8221;][et_pb_column type=&#8221;4_4&#8243; _builder_version=&#8221;4.16&#8243; global_colors_info=&#8221;{}&#8221;][et_pb_divider _builder_version=&#8221;4.16&#8243; width=&#8221;85%&#8221; module_alignment=&#8221;center&#8221; global_colors_info=&#8221;{}&#8221;][\/et_pb_divider][\/et_pb_column][\/et_pb_row][et_pb_row make_equal=&#8221;on&#8221; module_class=&#8221;Fritz&#8221; _builder_version=&#8221;4.16&#8243; global_colors_info=&#8221;{}&#8221;][et_pb_column type=&#8221;4_4&#8243; _builder_version=&#8221;4.16&#8243; global_colors_info=&#8221;{}&#8221;][et_pb_text admin_label=&#8221;\u00dcberschrift Fritz Overbeck&#8221; _builder_version=&#8221;4.16&#8243; custom_padding=&#8221;0px|||||&#8221; global_colors_info=&#8221;{}&#8221;]<\/p>\n<h2>Fritz und Hermine Overbeck<\/h2>\n<p>[\/et_pb_text][\/et_pb_column][\/et_pb_row][et_pb_row make_equal=&#8221;on&#8221; _builder_version=&#8221;4.16&#8243; global_colors_info=&#8221;{}&#8221;][et_pb_column type=&#8221;4_4&#8243; _builder_version=&#8221;4.16&#8243; global_colors_info=&#8221;{}&#8221;][et_pb_text admin_label=&#8221;\u00dcberschrift Fritz Overbeck&#8221; _builder_version=&#8221;4.16&#8243; global_colors_info=&#8221;{}&#8221;]<\/p>\n<h3>Fritz Overbeck<\/h3>\n<p>[\/et_pb_text][et_pb_text admin_label=&#8221;Text Fritz Overbeck&#8221; _builder_version=&#8221;4.16&#8243; custom_margin=&#8221;||-33px|||&#8221; global_colors_info=&#8221;{}&#8221;]<\/p>\n<p>Fritz Overbeck ist ein Maler gewesen. Er ist vor mehr als 100 Jahren in Bremen geboren.<\/p>\n<p>[\/et_pb_text][\/et_pb_column][\/et_pb_row][et_pb_row column_structure=&#8221;2_5,3_5&#8243; make_equal=&#8221;on&#8221; _builder_version=&#8221;4.16&#8243; min_height=&#8221;352px&#8221; custom_padding=&#8221;||0px|||&#8221; global_colors_info=&#8221;{}&#8221;][et_pb_column type=&#8221;2_5&#8243; _builder_version=&#8221;4.16&#8243; global_colors_info=&#8221;{}&#8221;][et_pb_image src=&#8221;https:\/\/overbeck-museum.de\/wp-content\/uploads\/2019\/10\/Fritz-Overbeck-Portrait-500x.jpg&#8221; admin_label=&#8221;Bild Fritz Overbeck 1895&#8243; _builder_version=&#8221;4.16&#8243; global_colors_info=&#8221;{}&#8221;][\/et_pb_image][\/et_pb_column][et_pb_column type=&#8221;3_5&#8243; _builder_version=&#8221;4.16&#8243; global_colors_info=&#8221;{}&#8221;][et_pb_text admin_label=&#8221;Text Fritz Overbeck&#8221; _builder_version=&#8221;4.16&#8243; global_colors_info=&#8221;{}&#8221;]<\/p>\n<p>Als junger Mann hat er mit 4 anderen Malern<br \/>eine <strong>Maler-Kolonie<\/strong> gegr\u00fcndet.<\/p>\n<p>&#8220;Maler-Kolonie&#8221; hei\u00dft:<\/p>\n<p>Die Maler haben zusammen gelebt und Bilder gemalt.<\/p>\n<p> <span style=\"font-size: 20px;\">Die 4 anderen Maler hei\u00dfen:<\/span><\/p>\n<p>&nbsp;<\/p>\n<ul>\n<li>Fritz Mackensen<\/li>\n<li>Otto Modersohn<\/li>\n<li>Heinrich Vogeler<\/li>\n<li>Hans am Ende<\/li>\n<\/ul>\n<p>[\/et_pb_text][\/et_pb_column][\/et_pb_row][et_pb_row make_equal=&#8221;on&#8221; _builder_version=&#8221;4.16&#8243; global_colors_info=&#8221;{}&#8221;][et_pb_column type=&#8221;4_4&#8243; _builder_version=&#8221;4.16&#8243; global_colors_info=&#8221;{}&#8221;][et_pb_text admin_label=&#8221;Text Fritz Overbeck&#8221; _builder_version=&#8221;4.16&#8243; global_colors_info=&#8221;{}&#8221;]<\/p>\n<p>Die Maler-Kolonie ist in Worpswede.<\/p>\n<p>Worpswede ist ein Dorf in der N\u00e4he von Bremen. Die Maler haben dort die B\u00e4ume und das Gras,<br \/> den Himmel und die Wolken gemalt. Oft haben sie drau\u00dfen, mitten in der Natur gemalt.<\/p>\n<p> Solche Maler nennt man<strong> Frei-Licht-Maler<\/strong>.<\/p>\n<p>Fritz Overbeck und die anderen Maler sind bald sehr ber\u00fchmt gewesen.<br \/> Sie haben in einem gro\u00dfen Museum in M\u00fcnchen ihre Bilder gezeigt.<br \/> Den Leuten haben die Bilder sehr gut gefallen. Die Zeitungen haben \u00fcber die Bilder geschrieben.<\/p>\n<p>Bald hat man die Maler in ganz Deutschland gekannt. Und auch in anderen L\u00e4ndern.<\/p>\n<p>[\/et_pb_text][\/et_pb_column][\/et_pb_row][et_pb_row disabled_on=&#8221;on|on|off&#8221; _builder_version=&#8221;4.16&#8243; custom_margin=&#8221;-26px|auto||auto||&#8221; global_colors_info=&#8221;{}&#8221;][et_pb_column type=&#8221;4_4&#8243; _builder_version=&#8221;4.16&#8243; global_colors_info=&#8221;{}&#8221;][et_pb_text admin_label=&#8221;Text in M\u00fcnchen hat&#8230;.&#8221; _builder_version=&#8221;4.16&#8243; global_colors_info=&#8221;{}&#8221;]<\/p>\n<p>In M\u00fcnchen hat eine junge Frau die Bilder von Fritz Overbeck gesehen.Ihr Name ist Hermine Rohte.<br \/>Sie ist Malerin gewesen. Sie hat die Bilder von Fritz Overbeck sehr sch\u00f6n gefunden. Sie ist nach Worpswede gefahren und ist die Sch\u00fclerin von Fritz Overbeck geworden. Sie haben sich verliebt und geheiratet.<\/p>\n<p>Sp\u00e4ter haben sie 2 Kinder bekommen. Die Kinder hei\u00dfen Fritz-Theodor und Gerda.<br \/>Fritz und Hermine Overbeck haben in Worpswede gewohnt. Sie haben dort viele Bilder gemalt.<\/p>\n<p>[\/et_pb_text][\/et_pb_column][\/et_pb_row][et_pb_row _builder_version=&#8221;4.16&#8243; custom_padding=&#8221;3px||0px|||&#8221; global_colors_info=&#8221;{}&#8221;][et_pb_column type=&#8221;4_4&#8243; _builder_version=&#8221;4.16&#8243; global_colors_info=&#8221;{}&#8221;][et_pb_text disabled_on=&#8221;off|off|on&#8221; admin_label=&#8221;Text in M\u00fcnchen hat&#8230;.&#8221; _builder_version=&#8221;4.16&#8243; custom_padding=&#8221;||7px|||&#8221; global_colors_info=&#8221;{}&#8221;]<\/p>\n<p>In M\u00fcnchen hat eine junge Frau die Bilder von Fritz Overbeck gesehen.<br \/> Ihr Name ist Hermine Rohte.<br \/> Sie ist Malerin gewesen.<br \/> Sie hat die Bilder von Fritz Overbeck sehr sch\u00f6n gefunden.<br \/> Sie ist nach Worpswede gefahren und ist die Sch\u00fclerin von Fritz Overbeck geworden.<br \/> Sie haben sich verliebt und geheiratet.<\/p>\n<p>[\/et_pb_text][\/et_pb_column][\/et_pb_row][et_pb_row column_structure=&#8221;2_5,3_5&#8243; disabled_on=&#8221;off|off|on&#8221; _builder_version=&#8221;4.16&#8243; global_colors_info=&#8221;{}&#8221;][et_pb_column type=&#8221;2_5&#8243; _builder_version=&#8221;4.16&#8243; global_colors_info=&#8221;{}&#8221;][et_pb_image src=&#8221;https:\/\/overbeck-museum.de\/wp-content\/uploads\/2019\/10\/Verlobungsfoto-Fritz-und-Hermine-1896_500.jpg&#8221; admin_label=&#8221;Bild das Malerpaar&#8221; _builder_version=&#8221;4.16&#8243; global_colors_info=&#8221;{}&#8221;][\/et_pb_image][\/et_pb_column][et_pb_column type=&#8221;3_5&#8243; _builder_version=&#8221;4.16&#8243; global_colors_info=&#8221;{}&#8221;][\/et_pb_column][\/et_pb_row][et_pb_row _builder_version=&#8221;4.16&#8243; custom_padding=&#8221;0px||0px|0px||&#8221; global_colors_info=&#8221;{}&#8221;][et_pb_column type=&#8221;4_4&#8243; _builder_version=&#8221;4.16&#8243; global_colors_info=&#8221;{}&#8221;][et_pb_text disabled_on=&#8221;off|off|on&#8221; admin_label=&#8221;Text in M\u00fcnchen hat&#8230;.&#8221; _builder_version=&#8221;4.16&#8243; global_colors_info=&#8221;{}&#8221;]<\/p>\n<p>Sp\u00e4ter haben sie 2 Kinder bekommen.<br \/> Die Kinder hei\u00dfen Fritz-Theodor und Gerda.<br \/> Fritz und Hermine Overbeck haben in Worpswede gewohnt.<br \/> Sie haben dort viele Bilder gemalt.<\/p>\n<p>[\/et_pb_text][\/et_pb_column][\/et_pb_row][et_pb_row column_structure=&#8221;3_5,2_5&#8243; make_equal=&#8221;on&#8221; disabled_on=&#8221;on|on|off&#8221; _builder_version=&#8221;4.16&#8243; custom_margin=&#8221;-59px|auto||auto||&#8221; global_colors_info=&#8221;{}&#8221;][et_pb_column type=&#8221;3_5&#8243; _builder_version=&#8221;4.16&#8243; global_colors_info=&#8221;{}&#8221;][et_pb_text _builder_version=&#8221;4.16&#8243; global_colors_info=&#8221;{}&#8221;]<\/p>\n<p>Ein paar Jahre sp\u00e4ter sind sie nach Vegesack umgezogen.<br \/><span style=\"font-size: 20px;\">Aber dort hat Fritz Overbeck <\/span><span style=\"font-size: 20px;\">nur noch wenige Jahre gelebt.<\/span><\/p>\n<p>Er ist dann gestorben. Da ist er nur 39 Jahre alt gewesen.<br \/>Er hat einen Schlaganfall gehabt.<\/p>\n<p>[\/et_pb_text][\/et_pb_column][et_pb_column type=&#8221;2_5&#8243; _builder_version=&#8221;4.16&#8243; global_colors_info=&#8221;{}&#8221;][et_pb_image src=&#8221;https:\/\/overbeck-museum.de\/wp-content\/uploads\/2019\/10\/Verlobungsfoto-Fritz-und-Hermine-1896_500.jpg&#8221; disabled_on=&#8221;on|on|off&#8221; admin_label=&#8221;Bild das Malerpaar&#8221; _builder_version=&#8221;4.16&#8243; global_colors_info=&#8221;{}&#8221;][\/et_pb_image][\/et_pb_column][\/et_pb_row][et_pb_row column_structure=&#8221;3_5,2_5&#8243; make_equal=&#8221;on&#8221; disabled_on=&#8221;off|off|on&#8221; _builder_version=&#8221;4.16&#8243; custom_margin=&#8221;-59px|auto||auto||&#8221; custom_padding=&#8221;27px|||||&#8221; global_colors_info=&#8221;{}&#8221;][et_pb_column type=&#8221;3_5&#8243; _builder_version=&#8221;4.16&#8243; global_colors_info=&#8221;{}&#8221;][et_pb_text disabled_on=&#8221;off|off|on&#8221; _builder_version=&#8221;4.16&#8243; global_colors_info=&#8221;{}&#8221;]<\/p>\n<p>Ein paar Jahre sp\u00e4ter sind sie nach Vegesack umgezogen.<br \/> Aber dort hat Fritz Overbeck nur noch wenige Jahre gelebt.<\/p>\n<p>Er ist dann gestorben. Da ist er nur 39 Jahre alt gewesen. Er hat einen Schlaganfall gehabt.<\/p>\n<p>[\/et_pb_text][\/et_pb_column][et_pb_column type=&#8221;2_5&#8243; _builder_version=&#8221;4.16&#8243; global_colors_info=&#8221;{}&#8221;][et_pb_image src=&#8221;https:\/\/overbeck-museum.de\/wp-content\/uploads\/2019\/10\/Verlobungsfoto-Fritz-und-Hermine-1896_500.jpg&#8221; disabled_on=&#8221;on|on|off&#8221; admin_label=&#8221;Bild das Malerpaar&#8221; _builder_version=&#8221;4.16&#8243; global_colors_info=&#8221;{}&#8221;][\/et_pb_image][\/et_pb_column][\/et_pb_row][et_pb_row _builder_version=&#8221;4.16&#8243; custom_padding=&#8221;||0px|||&#8221; saved_tabs=&#8221;all&#8221; locked=&#8221;off&#8221; global_colors_info=&#8221;{}&#8221;][et_pb_column type=&#8221;4_4&#8243; _builder_version=&#8221;4.16&#8243; global_colors_info=&#8221;{}&#8221;][et_pb_divider _builder_version=&#8221;4.16&#8243; width=&#8221;85%&#8221; module_alignment=&#8221;center&#8221; global_colors_info=&#8221;{}&#8221;][\/et_pb_divider][\/et_pb_column][\/et_pb_row][et_pb_row make_equal=&#8221;on&#8221; module_class=&#8221;Hermine&#8221; _builder_version=&#8221;4.16&#8243; custom_padding=&#8221;||0px|||&#8221; global_colors_info=&#8221;{}&#8221;][et_pb_column type=&#8221;4_4&#8243; _builder_version=&#8221;4.16&#8243; global_colors_info=&#8221;{}&#8221;][et_pb_text admin_label=&#8221;\u00dcberschrift Hermine Overbeck-Rohte&#8221; _builder_version=&#8221;4.16&#8243; custom_padding=&#8221;2px|||||&#8221; global_colors_info=&#8221;{}&#8221;]<\/p>\n<h3>Hermine Overbeck<\/h3>\n<p>[\/et_pb_text][\/et_pb_column][\/et_pb_row][et_pb_row column_structure=&#8221;2_5,3_5&#8243; make_equal=&#8221;on&#8221; _builder_version=&#8221;4.16&#8243; global_colors_info=&#8221;{}&#8221;][et_pb_column type=&#8221;2_5&#8243; _builder_version=&#8221;4.16&#8243; global_colors_info=&#8221;{}&#8221;][et_pb_image src=&#8221;https:\/\/overbeck-museum.de\/wp-content\/uploads\/2019\/10\/Hermine-Overbeck-Portrait-Ausschnitt_500.jpg&#8221; _builder_version=&#8221;4.16&#8243; global_colors_info=&#8221;{}&#8221;][\/et_pb_image][\/et_pb_column][et_pb_column type=&#8221;3_5&#8243; _builder_version=&#8221;4.16&#8243; global_colors_info=&#8221;{}&#8221;][et_pb_text admin_label=&#8221;\u00dcberschrift Hermine Overbeck-Rohte&#8221; _builder_version=&#8221;4.16&#8243; custom_padding=&#8221;2px|||||&#8221; global_colors_info=&#8221;{}&#8221;]<\/p>\n<p>Hermine Overbeck ist vor langer Zeit in Walsrode geboren. Sie hat schon als Kind gut gezeichnet. Darum hat sie Malerin werden wollen. Aber sie hat Kochen und Hausarbeit lernen m\u00fcssen. Das ist f\u00fcr Frauen damals normal gewesen.<\/p>\n<p>Erst viel sp\u00e4ter ist sie doch noch Malerin geworden. Sie ist nach M\u00fcnchen umgezogen und hat dort Kunst studiert. In M\u00fcnchen hat sie in einem Museum die Bilder von Fritz Overbeck gesehen.<\/p>\n<p>[\/et_pb_text][\/et_pb_column][\/et_pb_row][et_pb_row column_structure=&#8221;3_5,2_5&#8243; make_equal=&#8221;on&#8221; disabled_on=&#8221;on|on|off&#8221; _builder_version=&#8221;4.16&#8243; global_colors_info=&#8221;{}&#8221; custom_margin__hover_enabled=&#8221;on|desktop&#8221;][et_pb_column type=&#8221;3_5&#8243; _builder_version=&#8221;4.16&#8243; global_colors_info=&#8221;{}&#8221;][et_pb_text admin_label=&#8221;Text Hermine Overbeck&#8221; _builder_version=&#8221;4.16&#8243; global_colors_info=&#8221;{}&#8221;]<\/p>\n<p>Sie hat die Bilder sehr sch\u00f6n gefunden, vor allem ein Bild&#8230;<\/p>\n<p>Es hei\u00dft: Abend im Moor.<\/p>\n<p>Nach ein paar Jahren ist Hermine Overbeck schwer krank geworden. Sie hat <strong>Tuberkulose<\/strong> bekommen.<br \/>Das hei\u00dft: Ihre Lunge ist krank gewesen.<br \/>An dieser Krankheit sind damals viele Menschen gestorben.<\/p>\n<p>[\/et_pb_text][\/et_pb_column][et_pb_column type=&#8221;2_5&#8243; _builder_version=&#8221;4.16&#8243; global_colors_info=&#8221;{}&#8221;][et_pb_image src=&#8221;https:\/\/overbeck-museum.de\/wp-content\/uploads\/2019\/08\/Abend-im-Moor_500x333_Vorschau.jpg&#8221; admin_label=&#8221;Bild Abend im Moor&#8221; _builder_version=&#8221;4.16&#8243; global_colors_info=&#8221;{}&#8221;][\/et_pb_image][\/et_pb_column][\/et_pb_row][et_pb_row column_structure=&#8221;3_5,2_5&#8243; make_equal=&#8221;on&#8221; disabled_on=&#8221;off|off|on&#8221; _builder_version=&#8221;4.16&#8243; global_colors_info=&#8221;{}&#8221; custom_margin__hover_enabled=&#8221;on|desktop&#8221;][et_pb_column type=&#8221;3_5&#8243; _builder_version=&#8221;4.16&#8243; global_colors_info=&#8221;{}&#8221;][et_pb_text admin_label=&#8221;Text Hermine Overbeck&#8221; _builder_version=&#8221;4.16&#8243; global_colors_info=&#8221;{}&#8221;]<\/p>\n<p>Sie hat die Bilder sehr sch\u00f6n gefunden, vor allem ein Bild&#8230;<\/p>\n<p>Es hei\u00dft: Abend im Moor.<\/p>\n<p>&nbsp;<\/p>\n<p>[\/et_pb_text][\/et_pb_column][et_pb_column type=&#8221;2_5&#8243; _builder_version=&#8221;4.16&#8243; global_colors_info=&#8221;{}&#8221;][et_pb_image src=&#8221;https:\/\/overbeck-museum.de\/wp-content\/uploads\/2019\/08\/Abend-im-Moor_500x333_Vorschau.jpg&#8221; admin_label=&#8221;Bild Abend im Moor&#8221; _builder_version=&#8221;4.16&#8243; global_colors_info=&#8221;{}&#8221;][\/et_pb_image][\/et_pb_column][\/et_pb_row][et_pb_row make_equal=&#8221;on&#8221; disabled_on=&#8221;off|off|on&#8221; _builder_version=&#8221;4.16&#8243; global_colors_info=&#8221;{}&#8221; custom_margin__hover_enabled=&#8221;on|desktop&#8221;][et_pb_column type=&#8221;4_4&#8243; _builder_version=&#8221;4.16&#8243; global_colors_info=&#8221;{}&#8221;][et_pb_text admin_label=&#8221;Text Hermine Overbeck&#8221; _builder_version=&#8221;4.16&#8243; global_colors_info=&#8221;{}&#8221;]<\/p>\n<p>Nach ein paar Jahren ist Hermine Overbeck schwer krank geworden.<br \/>Sie hat <strong>Tuberkulose<\/strong> bekommen.<br \/> Das hei\u00dft: Ihre Lunge ist krank gewesen.<br \/> An dieser Krankheit sind damals viele Menschen gestorben.<\/p>\n<p>[\/et_pb_text][\/et_pb_column][\/et_pb_row][et_pb_row column_structure=&#8221;2_5,3_5&#8243; make_equal=&#8221;on&#8221; disabled_on=&#8221;on|on|off&#8221; _builder_version=&#8221;4.16&#8243; custom_margin=&#8221;-25px|auto||auto||&#8221; global_colors_info=&#8221;{}&#8221;][et_pb_column type=&#8221;2_5&#8243; _builder_version=&#8221;4.16&#8243; global_colors_info=&#8221;{}&#8221;][et_pb_image src=&#8221;https:\/\/overbeck-museum.de\/wp-content\/uploads\/2019\/09\/HO_S002_3982_500.jpg&#8221; _builder_version=&#8221;4.16&#8243; global_colors_info=&#8221;{}&#8221;][\/et_pb_image][\/et_pb_column][et_pb_column type=&#8221;3_5&#8243; _builder_version=&#8221;4.16&#8243; global_colors_info=&#8221;{}&#8221;][et_pb_text _builder_version=&#8221;4.16&#8243; global_colors_info=&#8221;{}&#8221;]<\/p>\n<p>Hermine Overbeck ist oft im Krankenhaus gewesen. Sie hat sich viel ausruhen m\u00fcssen. Darum hat sie weniger gemalt. Sie ist viele Jahre lang krank gewesen.<\/p>\n<p>Sp\u00e4ter ist sie in ein Krankenhaus  in der Schweiz gekommen.<br \/>Dort ist sie ein ganzes Jahr lang gewesen. Nach diesem Jahr ist sie gesund geworden.<\/p>\n<p>Sie ist endlich nach Hause gekommen. Als sie nur 3 Tage zuhause gewesen ist, ist Fritz Overbeck pl\u00f6tzlich gestorben. Da ist er noch sehr jung gewesen.<\/p>\n<p>[\/et_pb_text][\/et_pb_column][\/et_pb_row][et_pb_row column_structure=&#8221;3_5,2_5&#8243; make_equal=&#8221;on&#8221; disabled_on=&#8221;off|off|on&#8221; _builder_version=&#8221;4.16&#8243; min_height=&#8221;352px&#8221; global_colors_info=&#8221;{}&#8221;][et_pb_column type=&#8221;3_5&#8243; _builder_version=&#8221;4.16&#8243; global_colors_info=&#8221;{}&#8221;][et_pb_text _builder_version=&#8221;4.16&#8243; global_colors_info=&#8221;{}&#8221;]<\/p>\n<p>Hermine Overbeck ist oft im Krankenhaus gewesen. Sie hat sich viel ausruhen m\u00fcssen. Darum hat sie weniger gemalt. Sie ist viele Jahre lang krank gewesen.<\/p>\n<p>Sp\u00e4ter ist sie in ein Krankenhaus  in der Schweiz gekommen.<br \/> Dort ist sie ein ganzes Jahr lang gewesen. Nach diesem Jahr ist sie gesund geworden.<\/p>\n<p>Sie ist endlich nach Hause gekommen. Als sie nur 3 Tage zuhause gewesen ist, ist Fritz Overbeck pl\u00f6tzlich gestorben. Da ist er noch sehr jung gewesen.<\/p>\n<p>[\/et_pb_text][\/et_pb_column][et_pb_column type=&#8221;2_5&#8243; _builder_version=&#8221;4.16&#8243; global_colors_info=&#8221;{}&#8221;][et_pb_image src=&#8221;https:\/\/overbeck-museum.de\/wp-content\/uploads\/2019\/09\/HO_S002_3982_500.jpg&#8221; _builder_version=&#8221;4.16&#8243; global_colors_info=&#8221;{}&#8221;][\/et_pb_image][\/et_pb_column][\/et_pb_row][et_pb_row column_structure=&#8221;3_5,2_5&#8243; make_equal=&#8221;on&#8221; _builder_version=&#8221;4.16&#8243; custom_margin=&#8221;-42px|auto||auto||&#8221; global_colors_info=&#8221;{}&#8221;][et_pb_column type=&#8221;3_5&#8243; _builder_version=&#8221;4.16&#8243; global_colors_info=&#8221;{}&#8221;][et_pb_text _builder_version=&#8221;4.16&#8243; global_colors_info=&#8221;{}&#8221;]<\/p>\n<p>Hermine Overbeck hat sich gut um die Bilder von Fritz Overbeck gek\u00fcmmert. Sie hat sie anderen Leuten gezeigt. Ihre eigenen Bilder hat sie aber niemandem gezeigt.<\/p>\n<p>Viele Jahre sp\u00e4ter ist Hermine Overbeck bei einem Auto-Unfall gestorben. Da ist sie 68 Jahre alt gewesen.<\/p>\n<p>Danach hat man in ihrem Haus  viele Bilder von Hermine Overbeck gefunden. Keiner hat bis dahin gewusst, dass sie so viele Bilder gemalt hat.<\/p>\n<p>[\/et_pb_text][\/et_pb_column][et_pb_column type=&#8221;2_5&#8243; _builder_version=&#8221;4.16&#8243; global_colors_info=&#8221;{}&#8221;][et_pb_image src=&#8221;https:\/\/overbeck-museum.de\/wp-content\/uploads\/2019\/09\/HO_W045_3443_500.jpg&#8221; _builder_version=&#8221;4.16&#8243; global_colors_info=&#8221;{}&#8221;][\/et_pb_image][\/et_pb_column][\/et_pb_row][et_pb_row _builder_version=&#8221;4.16&#8243; custom_padding=&#8221;||0px|||&#8221; saved_tabs=&#8221;all&#8221; locked=&#8221;off&#8221; global_colors_info=&#8221;{}&#8221;][et_pb_column type=&#8221;4_4&#8243; _builder_version=&#8221;4.16&#8243; global_colors_info=&#8221;{}&#8221;][et_pb_divider _builder_version=&#8221;4.16&#8243; width=&#8221;85%&#8221; module_alignment=&#8221;center&#8221; global_colors_info=&#8221;{}&#8221;][\/et_pb_divider][\/et_pb_column][\/et_pb_row][et_pb_row column_structure=&#8221;3_5,2_5&#8243; make_equal=&#8221;on&#8221; _builder_version=&#8221;4.16&#8243; global_colors_info=&#8221;{}&#8221;][et_pb_column type=&#8221;3_5&#8243; _builder_version=&#8221;4.16&#8243; global_colors_info=&#8221;{}&#8221;][et_pb_text admin_label=&#8221;\u00dcberschrift Freunde des Overbeck Museums&#8221; _builder_version=&#8221;4.16&#8243; global_colors_info=&#8221;{}&#8221;]<\/p>\n<h3>Der Verein \u201eFreunde des Overbeck-Museums\u201c<\/h3>\n<p>[\/et_pb_text][et_pb_text admin_label=&#8221;Text Mitglied im Verein&#8221; _builder_version=&#8221;4.16&#8243; custom_padding=&#8221;3px|||||&#8221; global_colors_info=&#8221;{}&#8221;]<\/p>\n<p>Werden Sie Mitglied in unserem Verein!<\/p>\n<p>Die Vorteile:<\/p>\n<ul>\n<li>Sie haben freien Eintritt.<\/li>\n<li>Wir laden Sie zu allen Er\u00f6ffnungen von Ausstellungen ein.<\/li>\n<li>Sie zahlen weniger f\u00fcr Vortr\u00e4ge oder Kunstreisen.<\/li>\n<\/ul>\n<p>Mit Ihrer Spende helfen Sie dem Overbeck-Museum.<\/p>\n<p>Wenn Sie mehr wissen wollen, rufen Sie uns an:<\/p>\n<p><strong>Telefon 0421 66 36 65<\/strong><\/p>\n<p>[\/et_pb_text][\/et_pb_column][et_pb_column type=&#8221;2_5&#8243; _builder_version=&#8221;4.16&#8243; global_colors_info=&#8221;{}&#8221;][et_pb_image src=&#8221;https:\/\/overbeck-museum.de\/wp-content\/uploads\/2019\/09\/190206-museumsguetesiegel-232-bremen500x333.jpg&#8221; _builder_version=&#8221;4.16&#8243; global_colors_info=&#8221;{}&#8221;][\/et_pb_image][\/et_pb_column][\/et_pb_row][et_pb_row _builder_version=&#8221;4.16&#8243; custom_padding=&#8221;||0px|||&#8221; saved_tabs=&#8221;all&#8221; locked=&#8221;off&#8221; global_colors_info=&#8221;{}&#8221;][et_pb_column type=&#8221;4_4&#8243; _builder_version=&#8221;4.16&#8243; global_colors_info=&#8221;{}&#8221;][et_pb_divider _builder_version=&#8221;4.16&#8243; width=&#8221;85%&#8221; module_alignment=&#8221;center&#8221; global_colors_info=&#8221;{}&#8221;][\/et_pb_divider][\/et_pb_column][\/et_pb_row][\/et_pb_section][et_pb_section fb_built=&#8221;1&#8243; _builder_version=&#8221;4.16&#8243; locked=&#8221;off&#8221; global_colors_info=&#8221;{}&#8221;][et_pb_row _builder_version=&#8221;4.16&#8243; global_colors_info=&#8221;{}&#8221;][et_pb_column type=&#8221;4_4&#8243; _builder_version=&#8221;4.16&#8243; global_colors_info=&#8221;{}&#8221;][et_pb_text admin_label=&#8221;Ueberschrift Besuch planen&#8221; _builder_version=&#8221;4.16&#8243; header_2_text_align=&#8221;center&#8221; header_font_size_tablet=&#8221;&#8221; header_font_size_phone=&#8221;&#8221; header_font_size_last_edited=&#8221;on|desktop&#8221; global_colors_info=&#8221;{}&#8221;]<\/p>\n<h2>Das Museum besuchen<\/h2>\n<p>[\/et_pb_text][\/et_pb_column][\/et_pb_row][\/et_pb_section][et_pb_section fb_built=&#8221;1&#8243; admin_label=&#8221;Sektion \u00d6ffnungszeiten&#8221; module_id=&#8221;oeffnungszeiten&#8221; _builder_version=&#8221;4.16&#8243; locked=&#8221;off&#8221; global_colors_info=&#8221;{}&#8221;][et_pb_row column_structure=&#8221;3_5,2_5&#8243; _builder_version=&#8221;4.16&#8243; global_colors_info=&#8221;{}&#8221;][et_pb_column type=&#8221;3_5&#8243; _builder_version=&#8221;4.16&#8243; global_colors_info=&#8221;{}&#8221;][et_pb_text _builder_version=&#8221;4.16&#8243; global_colors_info=&#8221;{}&#8221;]<\/p>\n<h2>\u00d6ffnungszeiten<\/h2>\n<p>[\/et_pb_text][et_pb_text admin_label=&#8221;Info \u00d6ffnungszeiten&#8221; _builder_version=&#8221;4.23.3&#8243; hover_enabled=&#8221;0&#8243; custom_css_main_element=&#8221;table, th, td {border: 1px #871e00;}||th, td {padding: 5px; text-align: left;}||tr:hover {background-color: #f5f5f5;}&#8221; border_color_all=&#8221;#ffffff&#8221; locked=&#8221;off&#8221; global_colors_info=&#8221;{}&#8221; border_radii__hover_enabled=&#8221;on|desktop&#8221; sticky_enabled=&#8221;0&#8243;]<\/p>\n<table>\n<tbody>\n<tr>\n<td style=\"padding-left: 0px; color: #4a988b;\">Montag<\/td>\n<td style=\"color: #da4318;\"><strong style=\"color: #666666; text-align: center;\">Geschlossen<\/strong><\/td>\n<\/tr>\n<tr>\n<td style=\"padding-left: 0px; ; color: #4a988b;\">Dienstag<\/td>\n<td style=\"color: #da4318;\">11 Uhr bis 18 Uhr<\/td>\n<\/tr>\n<tr>\n<td style=\"padding-left: 0px; color: #4a988b;\">Mittwoch<\/td>\n<td style=\"color: #da4318;\">11 Uhr bis 18 Uhr<\/td>\n<\/tr>\n<tr>\n<td style=\"padding-left: 0px; color: #4a988b;\">Donnerstag<\/td>\n<td style=\"color: #da4318;\">11 Uhr bis 18 Uhr<\/td>\n<\/tr>\n<tr>\n<td style=\"padding-left: 0px; color: #4a988b;\">Freitag<\/td>\n<td style=\"color: #da4318;\">11 Uhr bis 18 Uhr<\/td>\n<\/tr>\n<tr>\n<td style=\"padding-left: 0px; color: #4a988b;\">Samstag<\/td>\n<td style=\"color: #da4318;\">11 Uhr bis 17 Uhr<\/td>\n<\/tr>\n<tr>\n<td style=\"padding-left: 0px; color: #4a988b;\">Sonntag<\/td>\n<td style=\"color: #da4318;\">11 Uhr bis 17 Uhr<\/td>\n<\/tr>\n<\/tbody>\n<\/table>\n<p>[\/et_pb_text][\/et_pb_column][et_pb_column type=&#8221;2_5&#8243; _builder_version=&#8221;4.16&#8243; global_colors_info=&#8221;{}&#8221;][et_pb_text _builder_version=&#8221;4.23.3&#8243; hover_enabled=&#8221;0&#8243; global_colors_info=&#8221;{}&#8221; sticky_enabled=&#8221;0&#8243;]<\/p>\n<h2>Preise<\/h2>\n<p>[\/et_pb_text][et_pb_text _builder_version=&#8221;4.23.3&#8243; hover_enabled=&#8221;0&#8243; global_colors_info=&#8221;{}&#8221; sticky_enabled=&#8221;0&#8243;]<\/p>\n<p><strong>Eintritt<\/strong><\/p>\n<p>7 Euro Normal<\/p>\n<p>5 Euro Erm\u00e4\u00dfigt<\/p>\n<p>Kinder bis 18 Jahre haben freien Eintritt.<\/p>\n<p>[\/et_pb_text][\/et_pb_column][\/et_pb_row][et_pb_row _builder_version=&#8221;4.16&#8243; custom_padding=&#8221;||0px|||&#8221; saved_tabs=&#8221;all&#8221; locked=&#8221;off&#8221; global_colors_info=&#8221;{}&#8221;][et_pb_column type=&#8221;4_4&#8243; _builder_version=&#8221;4.16&#8243; global_colors_info=&#8221;{}&#8221;][et_pb_divider _builder_version=&#8221;4.16&#8243; width=&#8221;85%&#8221; module_alignment=&#8221;center&#8221; global_colors_info=&#8221;{}&#8221;][\/et_pb_divider][\/et_pb_column][\/et_pb_row][\/et_pb_section][et_pb_section fb_built=&#8221;1&#8243; admin_label=&#8221;Sektion Anfahrt&#8221; module_id=&#8221;anfahrt&#8221; _builder_version=&#8221;4.16&#8243; locked=&#8221;off&#8221; global_colors_info=&#8221;{}&#8221;][et_pb_row _builder_version=&#8221;4.16&#8243; global_colors_info=&#8221;{}&#8221;][et_pb_column type=&#8221;4_4&#8243; _builder_version=&#8221;4.16&#8243; global_colors_info=&#8221;{}&#8221;][et_pb_text _builder_version=&#8221;4.16&#8243; global_colors_info=&#8221;{}&#8221;]<\/p>\n<h2>Anfahrt<\/h2>\n<p>[\/et_pb_text][et_pb_text _builder_version=&#8221;4.16&#8243; global_colors_info=&#8221;{}&#8221;]<\/p>\n<p><strong>Mit der Bahn<\/strong><\/p>\n<p>mit der RS1 bis Bahnhof Vegesack<\/p>\n<p>ab Bremer Hauptbahnhof, Richtung Vegesack \/ Farge, Fahrtzeit: 20 Minuten<\/p>\n<p>[\/et_pb_text][et_pb_text _builder_version=&#8221;4.16&#8243; global_colors_info=&#8221;{}&#8221;]<\/p>\n<p><strong>Mit dem Bus<\/strong><\/p>\n<p>mit dem Bus Linie 90, 91\/92, 94, 95 oder 98 ab Gr\u00f6pelingen bis Bahnhof Vegesack<\/p>\n<p>[\/et_pb_text][et_pb_text _builder_version=&#8221;4.16&#8243; global_colors_info=&#8221;{}&#8221;]<strong>Mit dem Auto<\/strong><\/p>\n<p><strong><\/strong><\/p>\n<ul>\n<li>A27 Richtung Bremerhaven, Abfahrt Bremen-Nord<\/li>\n<\/ul>\n<ul>\n<li><span style=\"font-size: 20px;\">A270 Abfahrt Vegesack, Richtung Vegesack Hafen<\/span><\/li>\n<\/ul>\n<p>[\/et_pb_text][et_pb_divider color=&#8221;#c73f18&#8243; _builder_version=&#8221;4.16&#8243; width=&#8221;85%&#8221; module_alignment=&#8221;center&#8221; global_colors_info=&#8221;{}&#8221;][\/et_pb_divider][\/et_pb_column][\/et_pb_row][\/et_pb_section][et_pb_section fb_built=&#8221;1&#8243; admin_label=&#8221;Sektion Adresse&#8221; module_id=&#8221;kontakt&#8221; _builder_version=&#8221;4.16&#8243; locked=&#8221;off&#8221; global_colors_info=&#8221;{}&#8221;][et_pb_row column_structure=&#8221;1_2,1_2&#8243; _builder_version=&#8221;4.16&#8243; global_colors_info=&#8221;{}&#8221;][et_pb_column type=&#8221;1_2&#8243; _builder_version=&#8221;4.16&#8243; global_colors_info=&#8221;{}&#8221;][et_pb_text _builder_version=&#8221;4.16&#8243; global_colors_info=&#8221;{}&#8221;]<\/p>\n<h2>Adresse<\/h2>\n<p>[\/et_pb_text][et_pb_code _builder_version=&#8221;4.16&#8243; global_colors_info=&#8221;{}&#8221;][\/et_pb_code][et_pb_text _builder_version=&#8221;4.16&#8243; global_colors_info=&#8221;{}&#8221;]Overbeck-Museum<br \/>\nAlte Hafenstra\u00dfe 30<br \/>\n28757 Bremen<\/p>\n<p><strong>Telefon: 0421 \/ 663 665<\/strong><br \/>\n<strong> Fax: 0421 \/ 247 61 47<\/strong><\/p>\n<p>E-Mail: <a href=\"mailto:info@overbeck-museum.de\">info@overbeck-museum.de<\/a><\/p>\n<p><a class=\"download\" href=\"https:\/\/overbeck-museum.de\/wp-content\/uploads\/2019\/10\/Online-PDF-Leichte-Sprache.pdf\" target=\"_blank\" rel=\"noopener noreferrer\">Hier k\u00f6nnen Sie den Text herunterladen<\/a>[\/et_pb_text][\/et_pb_column][et_pb_column type=&#8221;1_2&#8243; _builder_version=&#8221;4.16&#8243; global_colors_info=&#8221;{}&#8221;][et_pb_image src=&#8221;https:\/\/overbeck-museum.de\/wp-content\/uploads\/2019\/10\/03_MG_1145_500.jpg&#8221; _builder_version=&#8221;4.16&#8243; global_colors_info=&#8221;{}&#8221;][\/et_pb_image][\/et_pb_column][\/et_pb_row][\/et_pb_section][et_pb_section fb_built=&#8221;1&#8243; background_video_pause_outside_viewport_1=&#8221;on&#8221; background_video_pause_outside_viewport_2=&#8221;on&#8221; admin_label=&#8221;Footer Logo&#8221; _builder_version=&#8221;4.16&#8243; background_color=&#8221;#ffffff&#8221; global_module=&#8221;10095&#8243; locked=&#8221;on&#8221; collapsed=&#8221;off&#8221; global_colors_info=&#8221;{}&#8221;][et_pb_row background_video_pause_outside_viewport_1=&#8221;on&#8221; background_video_pause_outside_viewport_2=&#8221;on&#8221; background_video_pause_outside_viewport_3=&#8221;on&#8221; background_video_pause_outside_viewport_4=&#8221;on&#8221; background_video_pause_outside_viewport_5=&#8221;on&#8221; background_video_pause_outside_viewport_6=&#8221;on&#8221; _builder_version=&#8221;4.16&#8243; global_colors_info=&#8221;{}&#8221;][et_pb_column type=&#8221;4_4&#8243; _builder_version=&#8221;4.16&#8243; global_colors_info=&#8221;{}&#8221;][et_pb_divider color=&#8221;#c73f18&#8243; _builder_version=&#8221;4.16&#8243; width=&#8221;85%&#8221; module_alignment=&#8221;center&#8221; global_colors_info=&#8221;{}&#8221;][\/et_pb_divider][et_pb_text admin_label=&#8221;\u00dcberschrift Das Museum wird gef\u00f6rdert von&#8221; _builder_version=&#8221;4.20.2&#8243; header_4_font_size_tablet=&#8221;1em&#8221; header_4_font_size_phone=&#8221;&#8221; header_4_font_size_last_edited=&#8221;on|tablet&#8221; header_4_line_height_tablet=&#8221;1.1em&#8221; header_4_line_height_phone=&#8221;&#8221; header_4_line_height_last_edited=&#8221;on|tablet&#8221; global_colors_info=&#8221;{}&#8221;]<\/p>\n<h3><strong>The Overbeck Museum is sponsored by:<\/strong><\/h3>\n<p>[\/et_pb_text][\/et_pb_column][\/et_pb_row][et_pb_row column_structure=&#8221;1_6,1_6,1_6,1_6,1_6,1_6&#8243; background_video_pause_outside_viewport_1=&#8221;on&#8221; background_video_pause_outside_viewport_2=&#8221;on&#8221; background_video_pause_outside_viewport_3=&#8221;on&#8221; background_video_pause_outside_viewport_4=&#8221;on&#8221; background_video_pause_outside_viewport_5=&#8221;on&#8221; background_video_pause_outside_viewport_6=&#8221;on&#8221; _builder_version=&#8221;4.16&#8243; locked=&#8221;off&#8221; global_colors_info=&#8221;{}&#8221;][et_pb_column type=&#8221;1_6&#8243; _builder_version=&#8221;4.16&#8243; global_colors_info=&#8221;{}&#8221;][et_pb_code _builder_version=&#8221;4.20.2&#8243; global_colors_info=&#8221;{}&#8221;]<img decoding=\"async\" src=\"https:\/\/overbeck-museum.de\/wp-content\/uploads\/2019\/09\/Logo-Karin-und-Uwe-Hollweg-Stiftung.jpg\" height=\"100%\" alt=\"Logo of Karin und Uwe Hollweg Stiftung\">[\/et_pb_code][\/et_pb_column][et_pb_column type=&#8221;1_6&#8243; _builder_version=&#8221;4.16&#8243; global_colors_info=&#8221;{}&#8221;][et_pb_code _builder_version=&#8221;4.20.2&#8243; link_option_url=&#8221;http:\/\/www.buehnen-stiftung.de\/&#8221; link_option_url_new_window=&#8221;on&#8221; global_colors_info=&#8221;{}&#8221;]<a href=\"http:\/\/www.buehnen-stiftung.de\/\" target=\"_blank\" rel=\"noopener noreferrer\"><img decoding=\"async\" src=\"https:\/\/overbeck-museum.de\/wp-content\/uploads\/2019\/09\/Logo-Heinz-und-Ilse-Buehnen-Stiftung.jpg\" height=\"100%\" alt=\"Logo of Heinz und Ilse B\u00fchnen-Stiftung\"><\/a>[\/et_pb_code][\/et_pb_column][et_pb_column type=&#8221;1_6&#8243; _builder_version=&#8221;4.16&#8243; global_colors_info=&#8221;{}&#8221;][et_pb_code _builder_version=&#8221;4.20.2&#8243; link_option_url=&#8221;http:\/\/waldemar-koch-stiftung.de\/&#8221; link_option_url_new_window=&#8221;on&#8221; global_colors_info=&#8221;{}&#8221;]<a href=\"http:\/\/waldemar-koch-stiftung.de\/\" target=\"_blank\" rel=\"noopener noreferrer\"><img decoding=\"async\" src=\"https:\/\/overbeck-museum.de\/wp-content\/uploads\/2019\/09\/Logo-Waldemar-Koch-Stiftung.jpg\" height=\"100%\" alt=\"Logo of Waldemar Koch Stiftung\"><\/a>[\/et_pb_code][\/et_pb_column][et_pb_column type=&#8221;1_6&#8243; _builder_version=&#8221;4.16&#8243; global_colors_info=&#8221;{}&#8221;][et_pb_code _builder_version=&#8221;4.20.2&#8243; link_option_url=&#8221;https:\/\/www.bundesregierung.de\/breg-de\/bundesregierung\/staatsministerin-fuer-kultur-und-medien&#8221; link_option_url_new_window=&#8221;on&#8221; global_colors_info=&#8221;{}&#8221;]<a href=\"http:\/\/waldemar-koch-stiftung.de\/\" target=\"_blank\" rel=\"noopener noreferrer\"><img decoding=\"async\" src=\"https:\/\/overbeck-museum.de\/wp-content\/uploads\/2019\/09\/Logo-BKM-1.png\" height=\"100%\" alt=\"Logo of Waldemar Koch Stiftung\"><\/a>[\/et_pb_code][\/et_pb_column][et_pb_column type=&#8221;1_6&#8243; _builder_version=&#8221;4.16&#8243; global_colors_info=&#8221;{}&#8221;][et_pb_text _builder_version=&#8221;4.20.2&#8243; custom_css_main_element=&#8221;font-size:1em;&#8221; global_colors_info=&#8221;{}&#8221;]<\/p>\n<p><strong>Willy Lamotte Stiftung<\/strong><\/p>\n<p>[\/et_pb_text][\/et_pb_column][et_pb_column type=&#8221;1_6&#8243; _builder_version=&#8221;4.16&#8243; global_colors_info=&#8221;{}&#8221;][et_pb_code _builder_version=&#8221;4.20.2&#8243; link_option_url=&#8221;http:\/\/www.bremer-schuloffensive.de\/&#8221; link_option_url_new_window=&#8221;on&#8221; global_colors_info=&#8221;{}&#8221;]<a href=\"http:\/\/www.bremer-schuloffensive.de\/\" target=\"_blank\" rel=\"noopener noreferrer\"><img decoding=\"async\" src=\"https:\/\/overbeck-museum.de\/wp-content\/uploads\/2019\/09\/Bremer-Schuloffensive.png\" height=\"100%\" alt=\"Logo of Bremer Schuloffensive\"><\/a>[\/et_pb_code][\/et_pb_column][\/et_pb_row][\/et_pb_section][et_pb_section fb_built=&#8221;1&#8243; background_video_pause_outside_viewport_1=&#8221;on&#8221; background_video_pause_outside_viewport_2=&#8221;on&#8221; admin_label=&#8221;Footer mit links&#8221; module_class=&#8221;footer-link&#8221; _builder_version=&#8221;4.20.2&#8243; background_color=&#8221;#a8dbd3&#8243; max_width=&#8221;100%&#8221; custom_margin=&#8221;25px||||false|false&#8221; custom_padding=&#8221;0px||0px|||&#8221; global_module=&#8221;2685&#8243; locked=&#8221;on&#8221; collapsed=&#8221;off&#8221; global_colors_info=&#8221;{}&#8221;][et_pb_row column_structure=&#8221;1_4,1_4,1_4,1_4&#8243; background_video_pause_outside_viewport_1=&#8221;on&#8221; background_video_pause_outside_viewport_2=&#8221;on&#8221; background_video_pause_outside_viewport_3=&#8221;on&#8221; background_video_pause_outside_viewport_4=&#8221;on&#8221; background_video_pause_outside_viewport_5=&#8221;on&#8221; background_video_pause_outside_viewport_6=&#8221;on&#8221; _builder_version=&#8221;4.16&#8243; custom_padding=&#8221;25px||25px||false|false&#8221; global_colors_info=&#8221;{}&#8221; custom_margin__hover_enabled=&#8221;on&#8221;][et_pb_column type=&#8221;1_4&#8243; _builder_version=&#8221;4.16&#8243; global_colors_info=&#8221;{}&#8221;][et_pb_text _builder_version=&#8221;4.20.2&#8243; header_4_font=&#8221;Open Sans|700|||||||&#8221; header_4_text_color=&#8221;#000000&#8243; header_4_font_size=&#8221;20px&#8221; header_4_line_height=&#8221;0em&#8221; custom_margin=&#8221;||-20px||false|false&#8221; custom_margin_tablet=&#8221;&#8221; custom_margin_phone=&#8221;&#8221; custom_margin_last_edited=&#8221;on|tablet&#8221; custom_padding=&#8221;||||false|false&#8221; global_colors_info=&#8221;{}&#8221;]&nbsp;<\/p>\n<h4>Overbeck Museum<\/h4>\n<p>&nbsp;<\/p>\n<p><a title=\"About the Museum\" href=\"https:\/\/overbeck-museum.de\/en\/the-overbeck-museum\/\">The Museum<\/a><br \/>\n<a title=\"Friends of Overbeck Museum\" href=\"https:\/\/overbeck-museum.de\/en\/friends-of-museum\/\">Friends of Museum<\/a><br \/>\n<a href=\"https:\/\/overbeck-museum.de\/en\/friends-of-museum\/#ehrenamt\">Volunteering<\/a><\/p>\n<p>&nbsp;<\/p>\n<h4 style=\"margin-top: -5px;\">About us<\/h4>\n<p>&nbsp;<\/p>\n<p><a title=\"Our Mission\" href=\"https:\/\/overbeck-museum.de\/en\/about-us\/#leitbild\">Our Mission<\/a><br \/>\n<a title=\"Our Team\" href=\"https:\/\/overbeck-museum.de\/en\/about-us\/#team\">Our Team<\/a>[\/et_pb_text][\/et_pb_column][et_pb_column type=&#8221;1_4&#8243; _builder_version=&#8221;4.16&#8243; global_colors_info=&#8221;{}&#8221;][et_pb_text _builder_version=&#8221;4.20.2&#8243; header_4_font=&#8221;Open Sans|700|||||||&#8221; header_4_text_color=&#8221;#000000&#8243; header_4_font_size=&#8221;20px&#8221; header_4_line_height=&#8221;0em&#8221; custom_margin=&#8221;||||false|false&#8221; custom_padding=&#8221;||||false|false&#8221; global_colors_info=&#8221;{}&#8221;]<\/p>\n<p>&nbsp;<\/p>\n<h4>Exhibitions<\/h4>\n<p>&nbsp;<\/p>\n<p><a title=\"Current Exhibition in Overbeck Museum\" href=\"https:\/\/overbeck-museum.de\/en\/current-exhibitions\/\">Current<\/a><br \/><a title=\"Preview of the next exhibition\" href=\"https:\/\/overbeck-museum.de\/en\/preview-exhibitions\/\">Preview<\/a><\/p>\n<p>&nbsp;<\/p>\n<h4>Plan visit<\/h4>\n<p>&nbsp;<\/p>\n<p><a title=\"Calendar of Events\" href=\"https:\/\/overbeck-museum.de\/veranstaltungen\/\">Calendar<\/a><br \/><a title=\"Opening hours of Overbeck Museum\" href=\"https:\/\/overbeck-museum.de\/en\/plan-visit\/#oeffnungszeiten\">Opening Hours<\/a><br \/><a title=\"Our Ticker Prices\" href=\"https:\/\/overbeck-museum.de\/en\/plan-visit\/#preise\">Ticket Prices<\/a><br \/><a title=\"Directions to Overbeck Museum\" href=\"https:\/\/overbeck-museum.de\/en\/plan-visit\/#anfahrt\">Directions<\/a><br \/><a title=\"Contact with Overbeck Museum\" href=\"https:\/\/overbeck-museum.de\/en\/plan-visit\/#kontakt\">Contact<\/a><\/p>\n<p>[\/et_pb_text][\/et_pb_column][et_pb_column type=&#8221;1_4&#8243; _builder_version=&#8221;4.16&#8243; global_colors_info=&#8221;{}&#8221;][et_pb_text _builder_version=&#8221;4.20.2&#8243; header_4_font=&#8221;Open Sans|700|||||||&#8221; header_4_text_color=&#8221;#000000&#8243; header_4_font_size=&#8221;20px&#8221; header_4_line_height=&#8221;0em&#8221; custom_margin=&#8221;0px||||false|false&#8221; custom_margin_tablet=&#8221;-75px||||false|false&#8221; custom_margin_phone=&#8221;0px||||false|false&#8221; custom_margin_last_edited=&#8221;on|phone&#8221; custom_padding=&#8221;||||false|false&#8221; global_colors_info=&#8221;{}&#8221;]<\/p>\n<p>&nbsp;<\/p>\n<h4>Education<\/h4>\n<p>&nbsp;<\/p>\n<p><a title=\"Picture of the Month\" href=\"https:\/\/overbeck-museum.de\/en\/picture-of-the-month\/\">Picture of the Month<\/a><br \/><a title=\"Our Art Tours\" href=\"https:\/\/overbeck-museum.de\/en\/archive-art-tours\/\">Art Tours<\/a><\/p>\n<p>&nbsp;<\/p>\n<h4>Service<\/h4>\n<p>&nbsp;<\/p>\n<p><a title=\"The Museum in Simple Language\" href=\"https:\/\/overbeck-museum.de\/en\/simple-language\/\">Simple Language<\/a><br \/><a title=\"Most important information in Sign Language\" href=\"https:\/\/overbeck-museum.de\/en\/sign-language\/\">Sign Language<\/a><br \/><a title=\"The Multimedia Guide\" href=\"https:\/\/overbeck-museum.de\/en\/multimedia-guide\/\">Multimedia Guide<\/a><br \/><a title=\"The Museum Store\" href=\"https:\/\/overbeck-museum.de\/en\/museum-shop\/\">Store Items<\/a><br \/><a title=\"Press Articles\" href=\"https:\/\/overbeck-museum.de\/en\/press\/\">Press<\/a><br \/><a title=\"Become a friend of the Museum\" href=\"https:\/\/overbeck-museum.de\/en\/friends-of-museum\/\">Become a Member<\/a><\/p>\n<p>[\/et_pb_text][\/et_pb_column][et_pb_column type=&#8221;1_4&#8243; _builder_version=&#8221;4.16&#8243; global_colors_info=&#8221;{}&#8221;][et_pb_text _builder_version=&#8221;4.20.2&#8243; text_font_size=&#8221;18px&#8221; text_line_height=&#8221;1em&#8221; width=&#8221;131%&#8221; width_tablet=&#8221;auto&#8221; width_phone=&#8221;&#8221; width_last_edited=&#8221;on|phone&#8221; max_width=&#8221;100%&#8221; custom_margin=&#8221;||1em||false|false&#8221; custom_padding=&#8221;12px||2%||false|false&#8221; text_font_size_tablet=&#8221;100%&#8221; text_font_size_phone=&#8221;&#8221; text_font_size_last_edited=&#8221;on|tablet&#8221; global_colors_info=&#8221;{}&#8221;]We are a member of the[\/et_pb_text][et_pb_code _builder_version=&#8221;4.20.2&#8243; width=&#8221;150%&#8221; width_tablet=&#8221;100%&#8221; width_phone=&#8221;auto&#8221; width_last_edited=&#8221;on|phone&#8221; custom_margin=&#8221;-17px||||false|false&#8221; link_option_url=&#8221;https:\/\/www.kulturbuerobremennord.de\/&#8221; link_option_url_new_window=&#8221;on&#8221; global_colors_info=&#8221;{}&#8221;]<img decoding=\"async\" src=\"https:\/\/overbeck-museum.de\/wp-content\/uploads\/2019\/09\/Logo-Kulturb\u00fcro-Bremen-Nord.png\" alt=\"Logo Kulturb\u00fcro Bremen-Nord\">[\/et_pb_code][et_pb_code _builder_version=&#8221;4.20.2&#8243; link_option_url=&#8221;https:\/\/www.mvnb.de\/museumssuche\/detail\/museum\/overbeck-museum\/&#8221; link_option_url_new_window=&#8221;on&#8221; global_colors_info=&#8221;{}&#8221;]<img decoding=\"async\" src=\"https:\/\/overbeck-museum.de\/wp-content\/uploads\/2026\/03\/MVNB-Guetesiegel_2026-250.jpg\" alt=\"Museumsg\u00fctesiegel 2019-2025\" height=\"125px\" width=\"125px\">[\/et_pb_code][et_pb_code _builder_version=&#8221;4.20.2&#8243; global_colors_info=&#8221;{}&#8221;]<a href=\"https:\/\/www.facebook.com\/overbeckmuseum\/\" target=\"_blank\" title=\"Zu unserer Facebook Seite\" rel=\"noopener noreferrer\"><span style=\"font-family: ETmodules;font-size: 32px;color:#3C5A99\">\ue093<\/span><span>Our Facebook Page<\/span><\/a>[\/et_pb_code][\/et_pb_column][\/et_pb_row][\/et_pb_section]<\/p>\n","protected":false},"excerpt":{"rendered":"<p>Das Overbeck-MuseumLeichte SpracheDas Museum Das Overbeck-Museum gibt es seit vielen Jahren in Vegesack. Dort k\u00f6nnen Sie die Bilder von Fritz und Hermine Overbeck sehen. Oft k\u00f6nnen Sie dort auch Bilder von anderen K\u00fcnstlern sehen. Zum Beispiel Bilder von anderen Malern und Malerinnen aus Worpswede. Manchmal zeigt das Overbeck-Museum auch Bilder von Malern und Malerinnen, die [&hellip;]<\/p>\n","protected":false},"author":6,"featured_media":0,"parent":0,"menu_order":0,"comment_status":"closed","ping_status":"closed","template":"","meta":{"_acf_changed":false,"_et_pb_use_builder":"on","_et_pb_old_content":"","_et_gb_content_width":"","footnotes":""},"class_list":["post-16250","page","type-page","status-publish","hentry"],"acf":[],"yoast_head":"<!-- This site is optimized with the Yoast SEO plugin v27.4 - https:\/\/yoast.com\/product\/yoast-seo-wordpress\/ -->\n<title>Simple language - Overbeck-Museum<\/title>\n<meta name=\"robots\" content=\"index, follow, max-snippet:-1, max-image-preview:large, max-video-preview:-1\" \/>\n<link rel=\"canonical\" href=\"https:\/\/overbeck-museum.de\/en\/simple-language\/\" \/>\n<meta property=\"og:locale\" content=\"en_US\" \/>\n<meta property=\"og:type\" content=\"article\" \/>\n<meta property=\"og:title\" content=\"Simple language - Overbeck-Museum\" \/>\n<meta property=\"og:description\" content=\"Das Overbeck-MuseumLeichte SpracheDas Museum Das Overbeck-Museum gibt es seit vielen Jahren in Vegesack. Dort k\u00f6nnen Sie die Bilder von Fritz und Hermine Overbeck sehen. Oft k\u00f6nnen Sie dort auch Bilder von anderen K\u00fcnstlern sehen. Zum Beispiel Bilder von anderen Malern und Malerinnen aus Worpswede. Manchmal zeigt das Overbeck-Museum auch Bilder von Malern und Malerinnen, die [&hellip;]\" \/>\n<meta property=\"og:url\" content=\"https:\/\/overbeck-museum.de\/en\/simple-language\/\" \/>\n<meta property=\"og:site_name\" content=\"Overbeck-Museum\" \/>\n<meta property=\"article:modified_time\" content=\"2023-12-29T10:57:38+00:00\" \/>\n<meta property=\"og:image\" content=\"https:\/\/overbeck-museum.de\/wp-content\/uploads\/2019\/09\/Logo-Karin-und-Uwe-Hollweg-Stiftung.jpg\" \/>\n<meta name=\"twitter:card\" content=\"summary_large_image\" \/>\n<meta name=\"twitter:label1\" content=\"Est. reading time\" \/>\n\t<meta name=\"twitter:data1\" content=\"12 minutes\" \/>\n<script type=\"application\/ld+json\" class=\"yoast-schema-graph\">{\"@context\":\"https:\\\/\\\/schema.org\",\"@graph\":[{\"@type\":\"WebPage\",\"@id\":\"https:\\\/\\\/overbeck-museum.de\\\/en\\\/simple-language\\\/\",\"url\":\"https:\\\/\\\/overbeck-museum.de\\\/en\\\/simple-language\\\/\",\"name\":\"Simple language - Overbeck-Museum\",\"isPartOf\":{\"@id\":\"https:\\\/\\\/overbeck-museum.de\\\/en\\\/#website\"},\"primaryImageOfPage\":{\"@id\":\"https:\\\/\\\/overbeck-museum.de\\\/en\\\/simple-language\\\/#primaryimage\"},\"image\":{\"@id\":\"https:\\\/\\\/overbeck-museum.de\\\/en\\\/simple-language\\\/#primaryimage\"},\"thumbnailUrl\":\"https:\\\/\\\/overbeck-museum.de\\\/wp-content\\\/uploads\\\/2019\\\/09\\\/Logo-Karin-und-Uwe-Hollweg-Stiftung.jpg\",\"datePublished\":\"2023-04-23T20:10:12+00:00\",\"dateModified\":\"2023-12-29T10:57:38+00:00\",\"breadcrumb\":{\"@id\":\"https:\\\/\\\/overbeck-museum.de\\\/en\\\/simple-language\\\/#breadcrumb\"},\"inLanguage\":\"en-US\",\"potentialAction\":[{\"@type\":\"ReadAction\",\"target\":[\"https:\\\/\\\/overbeck-museum.de\\\/en\\\/simple-language\\\/\"]}]},{\"@type\":\"ImageObject\",\"inLanguage\":\"en-US\",\"@id\":\"https:\\\/\\\/overbeck-museum.de\\\/en\\\/simple-language\\\/#primaryimage\",\"url\":\"https:\\\/\\\/overbeck-museum.de\\\/wp-content\\\/uploads\\\/2019\\\/09\\\/Logo-Karin-und-Uwe-Hollweg-Stiftung.jpg\",\"contentUrl\":\"https:\\\/\\\/overbeck-museum.de\\\/wp-content\\\/uploads\\\/2019\\\/09\\\/Logo-Karin-und-Uwe-Hollweg-Stiftung.jpg\"},{\"@type\":\"BreadcrumbList\",\"@id\":\"https:\\\/\\\/overbeck-museum.de\\\/en\\\/simple-language\\\/#breadcrumb\",\"itemListElement\":[{\"@type\":\"ListItem\",\"position\":1,\"name\":\"Startseite\",\"item\":\"https:\\\/\\\/overbeck-museum.de\\\/en\\\/\"},{\"@type\":\"ListItem\",\"position\":2,\"name\":\"Simple language\"}]},{\"@type\":\"WebSite\",\"@id\":\"https:\\\/\\\/overbeck-museum.de\\\/en\\\/#website\",\"url\":\"https:\\\/\\\/overbeck-museum.de\\\/en\\\/\",\"name\":\"Overbeck-Museum\",\"description\":\"Eine weitere WordPress-Website\",\"potentialAction\":[{\"@type\":\"SearchAction\",\"target\":{\"@type\":\"EntryPoint\",\"urlTemplate\":\"https:\\\/\\\/overbeck-museum.de\\\/en\\\/?s={search_term_string}\"},\"query-input\":{\"@type\":\"PropertyValueSpecification\",\"valueRequired\":true,\"valueName\":\"search_term_string\"}}],\"inLanguage\":\"en-US\"}]}<\/script>\n<!-- \/ Yoast SEO plugin. -->","yoast_head_json":{"title":"Simple language - Overbeck-Museum","robots":{"index":"index","follow":"follow","max-snippet":"max-snippet:-1","max-image-preview":"max-image-preview:large","max-video-preview":"max-video-preview:-1"},"canonical":"https:\/\/overbeck-museum.de\/en\/simple-language\/","og_locale":"en_US","og_type":"article","og_title":"Simple language - Overbeck-Museum","og_description":"Das Overbeck-MuseumLeichte SpracheDas Museum Das Overbeck-Museum gibt es seit vielen Jahren in Vegesack. Dort k\u00f6nnen Sie die Bilder von Fritz und Hermine Overbeck sehen. Oft k\u00f6nnen Sie dort auch Bilder von anderen K\u00fcnstlern sehen. Zum Beispiel Bilder von anderen Malern und Malerinnen aus Worpswede. Manchmal zeigt das Overbeck-Museum auch Bilder von Malern und Malerinnen, die [&hellip;]","og_url":"https:\/\/overbeck-museum.de\/en\/simple-language\/","og_site_name":"Overbeck-Museum","article_modified_time":"2023-12-29T10:57:38+00:00","og_image":[{"url":"https:\/\/overbeck-museum.de\/wp-content\/uploads\/2019\/09\/Logo-Karin-und-Uwe-Hollweg-Stiftung.jpg","type":"","width":"","height":""}],"twitter_card":"summary_large_image","twitter_misc":{"Est. reading time":"12 minutes"},"schema":{"@context":"https:\/\/schema.org","@graph":[{"@type":"WebPage","@id":"https:\/\/overbeck-museum.de\/en\/simple-language\/","url":"https:\/\/overbeck-museum.de\/en\/simple-language\/","name":"Simple language - Overbeck-Museum","isPartOf":{"@id":"https:\/\/overbeck-museum.de\/en\/#website"},"primaryImageOfPage":{"@id":"https:\/\/overbeck-museum.de\/en\/simple-language\/#primaryimage"},"image":{"@id":"https:\/\/overbeck-museum.de\/en\/simple-language\/#primaryimage"},"thumbnailUrl":"https:\/\/overbeck-museum.de\/wp-content\/uploads\/2019\/09\/Logo-Karin-und-Uwe-Hollweg-Stiftung.jpg","datePublished":"2023-04-23T20:10:12+00:00","dateModified":"2023-12-29T10:57:38+00:00","breadcrumb":{"@id":"https:\/\/overbeck-museum.de\/en\/simple-language\/#breadcrumb"},"inLanguage":"en-US","potentialAction":[{"@type":"ReadAction","target":["https:\/\/overbeck-museum.de\/en\/simple-language\/"]}]},{"@type":"ImageObject","inLanguage":"en-US","@id":"https:\/\/overbeck-museum.de\/en\/simple-language\/#primaryimage","url":"https:\/\/overbeck-museum.de\/wp-content\/uploads\/2019\/09\/Logo-Karin-und-Uwe-Hollweg-Stiftung.jpg","contentUrl":"https:\/\/overbeck-museum.de\/wp-content\/uploads\/2019\/09\/Logo-Karin-und-Uwe-Hollweg-Stiftung.jpg"},{"@type":"BreadcrumbList","@id":"https:\/\/overbeck-museum.de\/en\/simple-language\/#breadcrumb","itemListElement":[{"@type":"ListItem","position":1,"name":"Startseite","item":"https:\/\/overbeck-museum.de\/en\/"},{"@type":"ListItem","position":2,"name":"Simple language"}]},{"@type":"WebSite","@id":"https:\/\/overbeck-museum.de\/en\/#website","url":"https:\/\/overbeck-museum.de\/en\/","name":"Overbeck-Museum","description":"Eine weitere WordPress-Website","potentialAction":[{"@type":"SearchAction","target":{"@type":"EntryPoint","urlTemplate":"https:\/\/overbeck-museum.de\/en\/?s={search_term_string}"},"query-input":{"@type":"PropertyValueSpecification","valueRequired":true,"valueName":"search_term_string"}}],"inLanguage":"en-US"}]}},"_links":{"self":[{"href":"https:\/\/overbeck-museum.de\/en\/wp-json\/wp\/v2\/pages\/16250","targetHints":{"allow":["GET"]}}],"collection":[{"href":"https:\/\/overbeck-museum.de\/en\/wp-json\/wp\/v2\/pages"}],"about":[{"href":"https:\/\/overbeck-museum.de\/en\/wp-json\/wp\/v2\/types\/page"}],"author":[{"embeddable":true,"href":"https:\/\/overbeck-museum.de\/en\/wp-json\/wp\/v2\/users\/6"}],"replies":[{"embeddable":true,"href":"https:\/\/overbeck-museum.de\/en\/wp-json\/wp\/v2\/comments?post=16250"}],"version-history":[{"count":2,"href":"https:\/\/overbeck-museum.de\/en\/wp-json\/wp\/v2\/pages\/16250\/revisions"}],"predecessor-version":[{"id":17868,"href":"https:\/\/overbeck-museum.de\/en\/wp-json\/wp\/v2\/pages\/16250\/revisions\/17868"}],"wp:attachment":[{"href":"https:\/\/overbeck-museum.de\/en\/wp-json\/wp\/v2\/media?parent=16250"}],"curies":[{"name":"wp","href":"https:\/\/api.w.org\/{rel}","templated":true}]}}